{"id":2946,"date":"2025-09-08T08:34:56","date_gmt":"2025-09-08T08:34:56","guid":{"rendered":"https:\/\/caramix.eu\/product\/sdu-careplex-nr-5-kondicionierius-320-ml\/"},"modified":"2026-03-23T17:33:02","modified_gmt":"2026-03-23T15:33:02","slug":"sdu-careplex-nr-5-kondicionierius-320-ml","status":"publish","type":"product","link":"https:\/\/caramix.eu\/produktai\/sdu-careplex-nr-5-kondicionierius-320-ml\/","title":{"rendered":"S.D.U. Careplex NR.5 \u0160ilkinis atkuriantis kondicionierius 320 ml."},"content":{"rendered":"<p>SDU CAREPLEX N\u00b05 \u2013 \u0160ilkinis atkuriantis kondicionierius<br data-start=\"552\" data-end=\"555\" \/>\u0160is prabangus kondicionierius intensyviai dr\u0117kina ir atkuria plaukus, apsaugodamas juos nuo skilin\u0117jimo ir aplinkos \u017ealos. Formul\u0117 su Maroko aliejumi ir hidrolizuotu kolagenu, kuris\u00a0 suteikia plaukams \u0161ilkin\u0119 tekst\u016br\u0105, nat\u016bral\u0173 \u017evilges\u012f ir mink\u0161tum\u0105. Kondicionierius idealiai tinka vis\u0173 tip\u0173 plaukams, \u012fskaitant pa\u017eeistus ar l\u016b\u017ein\u0117jan\u010dius plaukus, palengvina j\u0173 i\u0161\u0161ukavim\u0105 ir padeda juos stiprinti. Reguliarus naudojimas u\u017etikrina sveikesnius, labiau valdomus ir gyvybingus plaukus. Palepinkite savo plaukus \u0161iuo atkuriamuoju kondicionieriumi ir pajuskite skirtum\u0105!<\/p>\n","protected":false},"excerpt":{"rendered":"<p>SDU CAREPLEX N\u00b05 \u2013 \u0160ilkinis atkuriantis kondicionierius<br data-start=\"247\" data-end=\"250\" \/>Kondicionierius su Maroko aliejumi ir\u00a0 hidrolizuotu kolagenu , kuris dr\u0117kina, atstato pa\u017eeistus plaukus ir suteikia jiems \u0161ilkinio \u017evilgesio bei mink\u0161tumo.<\/p>\n","protected":false},"featured_media":22643,"template":"","meta":{"_acf_changed":false},"produkto-tipas":[],"product_brand":[29,142],"product_cat":[34,38,26,25,33],"product_tag":[],"class_list":{"0":"post-2946","1":"product","2":"type-product","3":"status-publish","4":"has-post-thumbnail","6":"product_brand-bingo","7":"product_brand-s-d-u-careplex","8":"product_cat-dazytiems","9":"product_cat-garbanotiems","10":"product_cat-kaukes","11":"product_cat-kondicionieriai","12":"product_cat-sausiems-ir-pazeistiems","14":"first","15":"instock","16":"taxable","17":"shipping-taxable","18":"purchasable","19":"product-type-simple"},"acf":[],"_links":{"self":[{"href":"https:\/\/caramix.eu\/masyvas\/wp\/v2\/product\/2946","targetHints":{"allow":["GET"]}}],"collection":[{"href":"https:\/\/caramix.eu\/masyvas\/wp\/v2\/product"}],"about":[{"href":"https:\/\/caramix.eu\/masyvas\/wp\/v2\/types\/product"}],"wp:featuredmedia":[{"embeddable":true,"href":"https:\/\/caramix.eu\/masyvas\/wp\/v2\/media\/22643"}],"wp:attachment":[{"href":"https:\/\/caramix.eu\/masyvas\/wp\/v2\/media?parent=2946"}],"wp:term":[{"taxonomy":"produkto-tipas","embeddable":true,"href":"https:\/\/caramix.eu\/masyvas\/wp\/v2\/produkto-tipas?post=2946"},{"taxonomy":"product_brand","embeddable":true,"href":"https:\/\/caramix.eu\/masyvas\/wp\/v2\/product_brand?post=2946"},{"taxonomy":"product_cat","embeddable":true,"href":"https:\/\/caramix.eu\/masyvas\/wp\/v2\/product_cat?post=2946"},{"taxonomy":"product_tag","embeddable":true,"href":"https:\/\/caramix.eu\/masyvas\/wp\/v2\/product_tag?post=2946"}],"curies":[{"name":"wp","href":"https:\/\/api.w.org\/{rel}","templated":true}]}}