{"id":2943,"date":"2025-09-08T08:34:55","date_gmt":"2025-09-08T08:34:55","guid":{"rendered":"https:\/\/caramix.eu\/product\/sdu-careplex-nr-7-atstatantis-aliejukas-30ml\/"},"modified":"2026-04-28T17:13:26","modified_gmt":"2026-04-28T14:13:26","slug":"sdu-careplex-nr-7-atstatantis-aliejukas-30ml","status":"publish","type":"product","link":"https:\/\/caramix.eu\/produktai\/sdu-careplex-nr-7-atstatantis-aliejukas-30ml\/","title":{"rendered":"S.D.U. Careplex  NR.7 Atstatantis aliejukas  30ml."},"content":{"rendered":"<p>SDU CAREPLEX N\u00b07 \u2013 Atstatntis aliejus<br data-start=\"564\" data-end=\"567\" \/>\u0160is specialiai sukurtas aliejus intensyviai maitina ir atkuria plauk\u0173 \u0161erd\u012f, suteikdamas lengv\u0105 ir \u0161ilkin\u0119 tekst\u016br\u0105. Formul\u0117 su Maroko aliejumi ir keratinu apsaugo nuo auk\u0161tos temperat\u016bros, kenksming\u0173 aplinkos veiksni\u0173 bei padeda i\u0161laikyti spalv\u0105. Idealiai tinka sausiems, pa\u017eeistiems ar da\u017eytiems plaukams, suma\u017eina skilim\u0105 ir suteikia spindesio. Reguliariai naudojamas, plaukai tampa sveikesni, stipresni ir blizgantys, o i\u0161si\u0161akoj\u0119 galiukai \u2013 praeitis. Leiskite savo plaukams atrodyti taip pat gerai, kaip jie jau\u010diasi!<\/p>\n","protected":false},"excerpt":{"rendered":"<p>SDU CAREPLEX N\u00b07 \u2013 Atstatntis aliejus .<br data-start=\"267\" data-end=\"270\" \/>Lengvas plauk\u0173 aliejus su Maroko aliejumi ir keratinu, atkuriantis sausus ir pa\u017eeistus plaukus, suteikiantis blizges\u012f, \u0161ilkin\u0119 tekst\u016br\u0105 ir apsaug\u0105 nuo kar\u0161\u010dio bei aplinkos poveikio.<\/p>\n","protected":false},"featured_media":22640,"template":"","meta":{"_acf_changed":false},"produkto-tipas":[],"product_brand":[29,142],"product_cat":[23,34,38,33],"product_tag":[],"class_list":{"0":"post-2943","1":"product","2":"type-product","3":"status-publish","4":"has-post-thumbnail","6":"product_brand-bingo","7":"product_brand-s-d-u-careplex","8":"product_cat-aliejai-ir-serumai","9":"product_cat-dazytiems","10":"product_cat-garbanotiems","11":"product_cat-sausiems-ir-pazeistiems","13":"first","14":"instock","15":"taxable","16":"shipping-taxable","17":"purchasable","18":"product-type-simple"},"acf":[],"_links":{"self":[{"href":"https:\/\/caramix.eu\/masyvas\/wp\/v2\/product\/2943","targetHints":{"allow":["GET"]}}],"collection":[{"href":"https:\/\/caramix.eu\/masyvas\/wp\/v2\/product"}],"about":[{"href":"https:\/\/caramix.eu\/masyvas\/wp\/v2\/types\/product"}],"wp:featuredmedia":[{"embeddable":true,"href":"https:\/\/caramix.eu\/masyvas\/wp\/v2\/media\/22640"}],"wp:attachment":[{"href":"https:\/\/caramix.eu\/masyvas\/wp\/v2\/media?parent=2943"}],"wp:term":[{"taxonomy":"produkto-tipas","embeddable":true,"href":"https:\/\/caramix.eu\/masyvas\/wp\/v2\/produkto-tipas?post=2943"},{"taxonomy":"product_brand","embeddable":true,"href":"https:\/\/caramix.eu\/masyvas\/wp\/v2\/product_brand?post=2943"},{"taxonomy":"product_cat","embeddable":true,"href":"https:\/\/caramix.eu\/masyvas\/wp\/v2\/product_cat?post=2943"},{"taxonomy":"product_tag","embeddable":true,"href":"https:\/\/caramix.eu\/masyvas\/wp\/v2\/product_tag?post=2943"}],"curies":[{"name":"wp","href":"https:\/\/api.w.org\/{rel}","templated":true}]}}